{"id":46,"date":"2017-07-28T14:13:01","date_gmt":"2017-07-28T14:13:01","guid":{"rendered":"http:\/\/www.piccolitalenti.com\/website\/?page_id=46"},"modified":"2024-01-30T09:21:42","modified_gmt":"2024-01-30T09:21:42","slug":"asilo-nido-via-nomentana","status":"publish","type":"page","link":"https:\/\/www.piccolitalenti.com\/website\/asilo-nido-via-nomentana\/","title":{"rendered":"Chi siamo"},"content":{"rendered":"<h4>L&#8217;Asilo Nido Piccoli Talenti<\/h4>\n<div class=\"flex-1 overflow-hidden\">\n<div class=\"react-scroll-to-bottom--css-ifahi-79elbk h-full\">\n<div class=\"react-scroll-to-bottom--css-ifahi-1n7m0yu\">\n<div class=\"flex flex-col pb-9 text-sm\">\n<div class=\"w-full text-token-text-primary\" data-testid=\"conversation-turn-5\">\n<div class=\"px-4 py-2 justify-center text-base md:gap-6 m-auto\">\n<div class=\"flex flex-1 text-base mx-auto gap-3 md:px-5 lg:px-1 xl:px-5 md:max-w-3xl lg:max-w-[40rem] xl:max-w-[48rem] group final-completion\">\n<div class=\"relative flex w-full flex-col lg:w-[calc(100%-115px)] agent-turn\">\n<div class=\"flex-col gap-1 md:gap-3\">\n<div class=\"flex flex-grow flex-col max-w-full\">\n<div class=\"min-h-[20px] text-message flex flex-col items-start gap-3 whitespace-pre-wrap break-words [.text-message+&amp;]:mt-5 overflow-x-auto\" data-message-author-role=\"assistant\" data-message-id=\"f0adccdf-5269-424f-9cf0-2eeab1c17c92\">\n<div class=\"markdown prose w-full break-words dark:prose-invert light\">\n<p>L&#8217;Asilo Nido Piccoli Talenti si trova in una posizione privilegiata nella zona di Talenti, a Roma, precisamente in Via Nomentana 895. Autorizzato dal <a href=\"https:\/\/www.comune.roma.it\/web-resources\/cms\/documents\/elenco_nidi_a.e._2018-19_punteggio_alunno_scolarizzato_infanzia_a.s._2019-20.pdf\" target=\"_blank\" rel=\"noopener\">Comune di Roma<\/a>, il nido si distingue per la sua concezione all&#8217;avanguardia, che cerca di unire formazione e tempo libero per bambini e famiglie. Un elemento distintivo \u00e8 l&#8217;attenzione particolare rivolta alle famiglie monoparentali e\/o allargate, con l&#8217;obiettivo di fornire servizi di sostegno alla genitorialit\u00e0 laddove necessario.<\/p>\n<p>La centralit\u00e0 delle strutture educative nella societ\u00e0 moderna \u00e8 oggetto di un dibattito ampio e articolato che abbraccia finalit\u00e0 formative, strategie psico-pedagogiche e soluzioni organizzative. L&#8217;Asilo Nido Piccoli Talenti si inserisce in questo contesto, proponendosi come un ambiente polifunzionale che va oltre il mero insegnamento, diventando un punto di riferimento per la crescita intellettiva e sociale dei bambini.<\/p>\n<h4 style=\"text-align: left;\">Il Nostro Nido<\/h4>\n<p>La concezione del nido, secondo l&#8217;approccio adottato da Piccoli Talenti, si basa sulla promozione dell&#8217;integrazione e della dimensione sociale. Ogni bambino ha il diritto di crescere in un contesto di uguaglianza e pari opportunit\u00e0, anche quando presenti condizioni di disabilit\u00e0. La specificit\u00e0 di ciascun bambino \u00e8 considerata attentamente, e il patrimonio culturale originario delle famiglie viene valorizzato come elemento di identit\u00e0 individuale, contribuendo a favorire una solida alleanza educativa e formativa.<\/p>\n<h4 style=\"text-align: left;\">La base educativa<\/h4>\n<p>Il gioco \u00e8 il fulcro della base educativa, un mezzo attraverso il quale vengono valorizzate le caratteristiche uniche di ogni bambino, come la <strong>curiosit\u00e0<\/strong>, lo <strong>stupore<\/strong> e l&#8217;<strong>esplorazione<\/strong>. L&#8217;educazione ambientale e civica \u00e8 parte integrante della giornata, con uno studio accurato degli spazi e un allestimento attento degli ambienti che contestualizzano le proposte pedagogiche.<\/p>\n<p>La prospettiva dei bambini, la loro visione del mondo e le loro semplici ma efficaci idee vengono incoraggiate e valorizzate. Dare voce ai bambini significa condividere sentimenti, percezioni e idee, facilitando lo sviluppo sociale e <span style=\"text-decoration: underline;\">promuovendo il senso del rispetto e della convivenza<\/span>.<\/p>\n<h4 style=\"text-align: left;\">Servizi<\/h4>\n<p style=\"text-align: justify;\">L&#8217;Asilo Nido Piccoli Talenti si avvale di professionisti qualificati per offrire vari servizi mirati al sostegno della genitorialit\u00e0. Eventi e incontri specifici vengono organizzati per supportare le diverse fasi della vita personale e familiare. Tutte le attivit\u00e0 pertinenti a questi temi sono pubblicate sul sito web dell&#8217;asilo nido per garantire trasparenza e accessibilit\u00e0 alle informazioni.<\/p>\n<p style=\"text-align: justify;\">In conclusione, l&#8217;Asilo Nido Piccoli Talenti si presenta come un <strong>ambiente educativo innovativo e inclusivo<\/strong>, impegnato a plasmare le menti dei bambini in un contesto che promuove la diversit\u00e0, la socializzazione e il rispetto reciproco.<br \/>\nCon servizi mirati e un approccio centrato sulla famiglia, si propone come un punto di riferimento essenziale per le famiglie della zona Talenti e oltre.<\/p>\n<p style=\"text-align: justify;\">Per ulteriori informazioni, \u00e8 possibile contattare l&#8217;asilo nido attraverso i canali indicati sul sito ufficiale.<\/p>\n<p><a href=\"https:\/\/www.piccolitalenti.com\/website\/asilo-nido-via-nomentana-zona-talenti\/\">Contattaci<\/a> per maggiori informazioni.<\/p>\n<\/div>\n<\/div>\n<\/div>\n<\/div>\n<\/div>\n<\/div>\n<\/div>\n<\/div>\n<\/div>\n<\/div>\n<\/div>\n<\/div>\n","protected":false},"excerpt":{"rendered":"<p>L&#8217;Asilo Nido Piccoli Talenti L&#8217;Asilo Nido Piccoli Talenti si trova in una posizione privilegiata nella zona di Talenti, a Roma, precisamente in Via Nomentana 895. [&hellip;]<\/p>\n","protected":false},"author":1,"featured_media":30,"parent":0,"menu_order":0,"comment_status":"closed","ping_status":"closed","template":"","meta":{"footnotes":""},"yoast_head":"<!-- This site is optimized with the Yoast SEO plugin v21.9.1 - https:\/\/yoast.com\/wordpress\/plugins\/seo\/ -->\n<title>Asilo Nido a Talenti | Asilo Nido Piccoli Talenti<\/title>\n<meta name=\"description\" content=\"Asilo Nido Piccoli Talenti, Via Nomentana 895, Roma. Asilo Nido Privato autorizzato dal Comune di Roma in Via Nomentana zona Talenti.\" \/>\n<meta name=\"robots\" content=\"index, follow, max-snippet:-1, max-image-preview:large, max-video-preview:-1\" \/>\n<link rel=\"canonical\" href=\"https:\/\/www.piccolitalenti.com\/website\/asilo-nido-via-nomentana\/\" \/>\n<meta property=\"og:locale\" content=\"it_IT\" \/>\n<meta property=\"og:type\" content=\"article\" \/>\n<meta property=\"og:title\" content=\"Asilo Nido a Talenti | Asilo Nido Piccoli Talenti\" \/>\n<meta property=\"og:description\" content=\"Asilo Nido Piccoli Talenti, Via Nomentana 895, Roma. Asilo Nido Privato autorizzato dal Comune di Roma in Via Nomentana zona Talenti.\" \/>\n<meta property=\"og:url\" content=\"https:\/\/www.piccolitalenti.com\/website\/asilo-nido-via-nomentana\/\" \/>\n<meta property=\"og:site_name\" content=\"Asilo Nido Piccoli Talenti\" \/>\n<meta property=\"article:publisher\" content=\"https:\/\/www.facebook.com\/piccolitalenti\" \/>\n<meta property=\"article:modified_time\" content=\"2024-01-30T09:21:42+00:00\" \/>\n<meta property=\"og:image\" content=\"https:\/\/www.piccolitalenti.com\/website\/wp-content\/uploads\/2017\/07\/19477315_485052131830063_3394033106708449130_o.jpg\" \/>\n\t<meta property=\"og:image:width\" content=\"2048\" \/>\n\t<meta property=\"og:image:height\" content=\"1536\" \/>\n\t<meta property=\"og:image:type\" content=\"image\/jpeg\" \/>\n<meta name=\"twitter:card\" content=\"summary_large_image\" \/>\n<meta name=\"twitter:site\" content=\"@nidotalenti\" \/>\n<meta name=\"twitter:label1\" content=\"Tempo di lettura stimato\" \/>\n\t<meta name=\"twitter:data1\" content=\"3 minuti\" \/>\n<script type=\"application\/ld+json\" class=\"yoast-schema-graph\">{\"@context\":\"https:\/\/schema.org\",\"@graph\":[{\"@type\":[\"WebPage\",\"AboutPage\"],\"@id\":\"https:\/\/www.piccolitalenti.com\/website\/asilo-nido-via-nomentana\/\",\"url\":\"https:\/\/www.piccolitalenti.com\/website\/asilo-nido-via-nomentana\/\",\"name\":\"Asilo Nido a Talenti | Asilo Nido Piccoli Talenti\",\"isPartOf\":{\"@id\":\"https:\/\/www.piccolitalenti.com\/website\/#website\"},\"datePublished\":\"2017-07-28T14:13:01+00:00\",\"dateModified\":\"2024-01-30T09:21:42+00:00\",\"description\":\"Asilo Nido Piccoli Talenti, Via Nomentana 895, Roma. Asilo Nido Privato autorizzato dal Comune di Roma in Via Nomentana zona Talenti.\",\"breadcrumb\":{\"@id\":\"https:\/\/www.piccolitalenti.com\/website\/asilo-nido-via-nomentana\/#breadcrumb\"},\"inLanguage\":\"it-IT\",\"potentialAction\":[{\"@type\":\"ReadAction\",\"target\":[\"https:\/\/www.piccolitalenti.com\/website\/asilo-nido-via-nomentana\/\"]}]},{\"@type\":\"BreadcrumbList\",\"@id\":\"https:\/\/www.piccolitalenti.com\/website\/asilo-nido-via-nomentana\/#breadcrumb\",\"itemListElement\":[{\"@type\":\"ListItem\",\"position\":1,\"name\":\"Home\",\"item\":\"https:\/\/www.piccolitalenti.com\/website\/\"},{\"@type\":\"ListItem\",\"position\":2,\"name\":\"Chi siamo\"}]},{\"@type\":\"WebSite\",\"@id\":\"https:\/\/www.piccolitalenti.com\/website\/#website\",\"url\":\"https:\/\/www.piccolitalenti.com\/website\/\",\"name\":\"Asilo Nido Piccoli Talenti\",\"description\":\"Teeny Tiny Stories\",\"publisher\":{\"@id\":\"https:\/\/www.piccolitalenti.com\/website\/#organization\"},\"potentialAction\":[{\"@type\":\"SearchAction\",\"target\":{\"@type\":\"EntryPoint\",\"urlTemplate\":\"https:\/\/www.piccolitalenti.com\/website\/?s={search_term_string}\"},\"query-input\":\"required name=search_term_string\"}],\"inLanguage\":\"it-IT\"},{\"@type\":\"Organization\",\"@id\":\"https:\/\/www.piccolitalenti.com\/website\/#organization\",\"name\":\"Asilo Nido Piccoli Talenti\",\"url\":\"https:\/\/www.piccolitalenti.com\/website\/\",\"logo\":{\"@type\":\"ImageObject\",\"inLanguage\":\"it-IT\",\"@id\":\"https:\/\/www.piccolitalenti.com\/website\/#\/schema\/logo\/image\/\",\"url\":\"https:\/\/i0.wp.com\/www.piccolitalenti.com\/website\/wp-content\/uploads\/2021\/01\/logo_piccolo_tondo-e1610011826765.jpg?fit=200%2C200&ssl=1\",\"contentUrl\":\"https:\/\/i0.wp.com\/www.piccolitalenti.com\/website\/wp-content\/uploads\/2021\/01\/logo_piccolo_tondo-e1610011826765.jpg?fit=200%2C200&ssl=1\",\"width\":200,\"height\":200,\"caption\":\"Asilo Nido Piccoli Talenti\"},\"image\":{\"@id\":\"https:\/\/www.piccolitalenti.com\/website\/#\/schema\/logo\/image\/\"},\"sameAs\":[\"https:\/\/www.facebook.com\/piccolitalenti\",\"https:\/\/twitter.com\/nidotalenti\",\"https:\/\/www.instagram.com\/piccoli_talenti\",\"https:\/\/it.linkedin.com\/company\/piccoli-talenti\",\"https:\/\/it.pinterest.com\/asilonidopiccolitalenti\/\",\"https:\/\/www.youtube.com\/channel\/UCQNlO8I0JH2w-M1FGTHDlFw\/featured?view_as=subscriber\"]}]}<\/script>\n<!-- \/ Yoast SEO plugin. -->","yoast_head_json":{"title":"Asilo Nido a Talenti | Asilo Nido Piccoli Talenti","description":"Asilo Nido Piccoli Talenti, Via Nomentana 895, Roma. Asilo Nido Privato autorizzato dal Comune di Roma in Via Nomentana zona Talenti.","robots":{"index":"index","follow":"follow","max-snippet":"max-snippet:-1","max-image-preview":"max-image-preview:large","max-video-preview":"max-video-preview:-1"},"canonical":"https:\/\/www.piccolitalenti.com\/website\/asilo-nido-via-nomentana\/","og_locale":"it_IT","og_type":"article","og_title":"Asilo Nido a Talenti | Asilo Nido Piccoli Talenti","og_description":"Asilo Nido Piccoli Talenti, Via Nomentana 895, Roma. Asilo Nido Privato autorizzato dal Comune di Roma in Via Nomentana zona Talenti.","og_url":"https:\/\/www.piccolitalenti.com\/website\/asilo-nido-via-nomentana\/","og_site_name":"Asilo Nido Piccoli Talenti","article_publisher":"https:\/\/www.facebook.com\/piccolitalenti","article_modified_time":"2024-01-30T09:21:42+00:00","og_image":[{"width":2048,"height":1536,"url":"https:\/\/www.piccolitalenti.com\/website\/wp-content\/uploads\/2017\/07\/19477315_485052131830063_3394033106708449130_o.jpg","type":"image\/jpeg"}],"twitter_card":"summary_large_image","twitter_site":"@nidotalenti","twitter_misc":{"Tempo di lettura stimato":"3 minuti"},"schema":{"@context":"https:\/\/schema.org","@graph":[{"@type":["WebPage","AboutPage"],"@id":"https:\/\/www.piccolitalenti.com\/website\/asilo-nido-via-nomentana\/","url":"https:\/\/www.piccolitalenti.com\/website\/asilo-nido-via-nomentana\/","name":"Asilo Nido a Talenti | Asilo Nido Piccoli Talenti","isPartOf":{"@id":"https:\/\/www.piccolitalenti.com\/website\/#website"},"datePublished":"2017-07-28T14:13:01+00:00","dateModified":"2024-01-30T09:21:42+00:00","description":"Asilo Nido Piccoli Talenti, Via Nomentana 895, Roma. Asilo Nido Privato autorizzato dal Comune di Roma in Via Nomentana zona Talenti.","breadcrumb":{"@id":"https:\/\/www.piccolitalenti.com\/website\/asilo-nido-via-nomentana\/#breadcrumb"},"inLanguage":"it-IT","potentialAction":[{"@type":"ReadAction","target":["https:\/\/www.piccolitalenti.com\/website\/asilo-nido-via-nomentana\/"]}]},{"@type":"BreadcrumbList","@id":"https:\/\/www.piccolitalenti.com\/website\/asilo-nido-via-nomentana\/#breadcrumb","itemListElement":[{"@type":"ListItem","position":1,"name":"Home","item":"https:\/\/www.piccolitalenti.com\/website\/"},{"@type":"ListItem","position":2,"name":"Chi siamo"}]},{"@type":"WebSite","@id":"https:\/\/www.piccolitalenti.com\/website\/#website","url":"https:\/\/www.piccolitalenti.com\/website\/","name":"Asilo Nido Piccoli Talenti","description":"Teeny Tiny Stories","publisher":{"@id":"https:\/\/www.piccolitalenti.com\/website\/#organization"},"potentialAction":[{"@type":"SearchAction","target":{"@type":"EntryPoint","urlTemplate":"https:\/\/www.piccolitalenti.com\/website\/?s={search_term_string}"},"query-input":"required name=search_term_string"}],"inLanguage":"it-IT"},{"@type":"Organization","@id":"https:\/\/www.piccolitalenti.com\/website\/#organization","name":"Asilo Nido Piccoli Talenti","url":"https:\/\/www.piccolitalenti.com\/website\/","logo":{"@type":"ImageObject","inLanguage":"it-IT","@id":"https:\/\/www.piccolitalenti.com\/website\/#\/schema\/logo\/image\/","url":"https:\/\/i0.wp.com\/www.piccolitalenti.com\/website\/wp-content\/uploads\/2021\/01\/logo_piccolo_tondo-e1610011826765.jpg?fit=200%2C200&ssl=1","contentUrl":"https:\/\/i0.wp.com\/www.piccolitalenti.com\/website\/wp-content\/uploads\/2021\/01\/logo_piccolo_tondo-e1610011826765.jpg?fit=200%2C200&ssl=1","width":200,"height":200,"caption":"Asilo Nido Piccoli Talenti"},"image":{"@id":"https:\/\/www.piccolitalenti.com\/website\/#\/schema\/logo\/image\/"},"sameAs":["https:\/\/www.facebook.com\/piccolitalenti","https:\/\/twitter.com\/nidotalenti","https:\/\/www.instagram.com\/piccoli_talenti","https:\/\/it.linkedin.com\/company\/piccoli-talenti","https:\/\/it.pinterest.com\/asilonidopiccolitalenti\/","https:\/\/www.youtube.com\/channel\/UCQNlO8I0JH2w-M1FGTHDlFw\/featured?view_as=subscriber"]}]}},"_links":{"self":[{"href":"https:\/\/www.piccolitalenti.com\/website\/wp-json\/wp\/v2\/pages\/46"}],"collection":[{"href":"https:\/\/www.piccolitalenti.com\/website\/wp-json\/wp\/v2\/pages"}],"about":[{"href":"https:\/\/www.piccolitalenti.com\/website\/wp-json\/wp\/v2\/types\/page"}],"author":[{"embeddable":true,"href":"https:\/\/www.piccolitalenti.com\/website\/wp-json\/wp\/v2\/users\/1"}],"replies":[{"embeddable":true,"href":"https:\/\/www.piccolitalenti.com\/website\/wp-json\/wp\/v2\/comments?post=46"}],"version-history":[{"count":11,"href":"https:\/\/www.piccolitalenti.com\/website\/wp-json\/wp\/v2\/pages\/46\/revisions"}],"predecessor-version":[{"id":2492,"href":"https:\/\/www.piccolitalenti.com\/website\/wp-json\/wp\/v2\/pages\/46\/revisions\/2492"}],"wp:featuredmedia":[{"embeddable":true,"href":"https:\/\/www.piccolitalenti.com\/website\/wp-json\/wp\/v2\/media\/30"}],"wp:attachment":[{"href":"https:\/\/www.piccolitalenti.com\/website\/wp-json\/wp\/v2\/media?parent=46"}],"curies":[{"name":"wp","href":"https:\/\/api.w.org\/{rel}","templated":true}]}}